{"id":616,"date":"2025-02-20T07:20:22","date_gmt":"2025-02-20T07:20:22","guid":{"rendered":"https:\/\/www.tresellabeauty.com\/tresellabeauty\/"},"modified":"2025-11-27T13:21:28","modified_gmt":"2025-11-27T13:21:28","slug":"tresellabeauty","status":"publish","type":"page","link":"https:\/\/www.tresellabeauty.com\/es\/","title":{"rendered":"Tresellabeauty"},"content":{"rendered":"\t\t<div data-elementor-type=\"wp-page\" data-elementor-id=\"616\" class=\"elementor elementor-616 elementor-27\" data-elementor-post-type=\"page\">\n\t\t\t\t<div class=\"elementor-element elementor-element-8c08983 e-flex e-con-boxed e-con e-parent\" data-id=\"8c08983\" data-element_type=\"container\" data-settings=\"{&quot;background_background&quot;:&quot;gradient&quot;}\">\n\t\t\t\t\t<div class=\"e-con-inner\">\n\t\t<div class=\"elementor-element elementor-element-c73538c e-con-full e-flex e-con e-child\" data-id=\"c73538c\" data-element_type=\"container\">\n\t\t\t\t<div class=\"elementor-element elementor-element-eabef94 elementor-widget elementor-widget-heading\" data-id=\"eabef94\" data-element_type=\"widget\" data-widget_type=\"heading.default\">\n\t\t\t\t<div class=\"elementor-widget-container\">\n\t\t\t\t\t<h1 class=\"elementor-heading-title elementor-size-default\">Los mejores consejos <span style=\"color:#D56544\"> para brillar desde:<\/span> dentro y desde fuera<\/h1>\t\t\t\t<\/div>\n\t\t\t\t<\/div>\n\t\t\t\t<div class=\"elementor-element elementor-element-a77b10c elementor-widget elementor-widget-text-editor\" data-id=\"a77b10c\" data-element_type=\"widget\" data-widget_type=\"text-editor.default\">\n\t\t\t\t<div class=\"elementor-widget-container\">\n\t\t\t\t\t\t\t\t\tBrillar de forma natural requiere un enfoque hol\u00edstico que empiece desde dentro. Una piel sana y radiante es un reflejo de nuestros h\u00e1bitos diarios y de nuestras elecciones alimentarias. Esta armon\u00eda entre cuerpo y mente se construye gradualmente mediante gestos sencillos y naturales.  \t\t\t\t\t\t\t\t<\/div>\n\t\t\t\t<\/div>\n\t\t\t\t<div class=\"elementor-element elementor-element-365b0f4 elementor-align-left elementor-widget elementor-widget-button\" data-id=\"365b0f4\" data-element_type=\"widget\" data-widget_type=\"button.default\">\n\t\t\t\t<div class=\"elementor-widget-container\">\n\t\t\t\t\t\t\t\t\t<div class=\"elementor-button-wrapper\">\n\t\t\t\t\t<a class=\"elementor-button elementor-size-sm\" role=\"button\">\n\t\t\t\t\t\t<span class=\"elementor-button-content-wrapper\">\n\t\t\t\t\t\t\t\t\t<span class=\"elementor-button-text\">M\u00e1s informaci\u00f3n<\/span>\n\t\t\t\t\t<\/span>\n\t\t\t\t\t<\/a>\n\t\t\t\t<\/div>\n\t\t\t\t\t\t\t\t<\/div>\n\t\t\t\t<\/div>\n\t\t\t\t<\/div>\n\t\t<div class=\"elementor-element elementor-element-ebacf18 e-con-full elementor-hidden-tablet elementor-hidden-mobile e-flex e-con e-child\" data-id=\"ebacf18\" data-element_type=\"container\">\n\t\t\t\t<div class=\"elementor-element elementor-element-f787d91 elementor-widget elementor-widget-image\" data-id=\"f787d91\" data-element_type=\"widget\" data-widget_type=\"image.default\">\n\t\t\t\t<div class=\"elementor-widget-container\">\n\t\t\t\t\t\t\t\t\t\t\t\t\t\t\t<img fetchpriority=\"high\" decoding=\"async\" width=\"522\" height=\"638\" src=\"https:\/\/www.tresellabeauty.com\/wp-content\/uploads\/2025\/02\/main-banner-small-image.jpg\" class=\"attachment-large size-large wp-image-619\" alt=\"\" srcset=\"https:\/\/www.tresellabeauty.com\/wp-content\/uploads\/2025\/02\/main-banner-small-image.jpg 522w, https:\/\/www.tresellabeauty.com\/wp-content\/uploads\/2025\/02\/main-banner-small-image-245x300.jpg 245w\" sizes=\"(max-width: 522px) 100vw, 522px\" \/>\t\t\t\t\t\t\t\t\t\t\t\t\t\t\t<\/div>\n\t\t\t\t<\/div>\n\t\t\t\t<\/div>\n\t\t<div class=\"elementor-element elementor-element-cc1d727 e-con-full elementor-hidden-tablet elementor-hidden-mobile e-flex e-con e-child\" data-id=\"cc1d727\" data-element_type=\"container\">\n\t\t\t\t<div class=\"elementor-element elementor-element-46c6f16 elementor-widget__width-initial elementor-widget elementor-widget-image\" data-id=\"46c6f16\" data-element_type=\"widget\" data-widget_type=\"image.default\">\n\t\t\t\t<div class=\"elementor-widget-container\">\n\t\t\t\t\t\t\t\t\t\t\t\t\t\t\t<img decoding=\"async\" width=\"678\" height=\"317\" src=\"https:\/\/www.tresellabeauty.com\/wp-content\/uploads\/2025\/02\/leafs.png\" class=\"attachment-large size-large wp-image-618\" alt=\"\" srcset=\"https:\/\/www.tresellabeauty.com\/wp-content\/uploads\/2025\/02\/leafs.png 678w, https:\/\/www.tresellabeauty.com\/wp-content\/uploads\/2025\/02\/leafs-300x140.png 300w\" sizes=\"(max-width: 678px) 100vw, 678px\" \/>\t\t\t\t\t\t\t\t\t\t\t\t\t\t\t<\/div>\n\t\t\t\t<\/div>\n\t\t\t\t<\/div>\n\t\t\t\t\t<\/div>\n\t\t\t\t<\/div>\n\t\t<div class=\"elementor-element elementor-element-4f3003f e-flex e-con-boxed e-con e-parent\" data-id=\"4f3003f\" data-element_type=\"container\" data-settings=\"{&quot;background_background&quot;:&quot;classic&quot;}\">\n\t\t\t\t\t<div class=\"e-con-inner\">\n\t\t<div class=\"elementor-element elementor-element-39da429 e-con-full e-flex e-con e-child\" data-id=\"39da429\" data-element_type=\"container\">\n\t\t\t\t<div class=\"elementor-element elementor-element-5e61895 elementor-widget elementor-widget-heading\" data-id=\"5e61895\" data-element_type=\"widget\" data-widget_type=\"heading.default\">\n\t\t\t\t<div class=\"elementor-widget-container\">\n\t\t\t\t\t<h2 class=\"elementor-heading-title elementor-size-default\">Adopta una dieta equilibrada <br>para una piel radiante<\/h2>\t\t\t\t<\/div>\n\t\t\t\t<\/div>\n\t\t\t\t<div class=\"elementor-element elementor-element-69a7a83 elementor-widget elementor-widget-text-editor\" data-id=\"69a7a83\" data-element_type=\"widget\" data-widget_type=\"text-editor.default\">\n\t\t\t\t<div class=\"elementor-widget-container\">\n\t\t\t\t\t\t\t\t\tLa belleza de nuestra piel depende en gran medida de lo que comemos. Una dieta sana y variada es la base de un cutis radiante y una piel sana. Los nutrientes esenciales tienen un efecto directo sobre la calidad y el aspecto de nuestra piel.  \t\t\t\t\t\t\t\t<\/div>\n\t\t\t\t<\/div>\n\t\t\t\t<\/div>\n\t\t<div class=\"elementor-element elementor-element-4102255 e-con-full e-flex e-con e-child\" data-id=\"4102255\" data-element_type=\"container\">\n\t\t<div class=\"elementor-element elementor-element-74ae9a2 e-con-full e-flex e-con e-child\" data-id=\"74ae9a2\" data-element_type=\"container\" data-settings=\"{&quot;background_background&quot;:&quot;classic&quot;}\">\n\t\t\t\t<\/div>\n\t\t<div class=\"elementor-element elementor-element-ab52c68 e-con-full e-flex e-con e-child\" data-id=\"ab52c68\" data-element_type=\"container\" data-settings=\"{&quot;background_background&quot;:&quot;classic&quot;}\">\n\t\t\t\t<div class=\"elementor-element elementor-element-80a8942 elementor-widget elementor-widget-heading\" data-id=\"80a8942\" data-element_type=\"widget\" data-widget_type=\"heading.default\">\n\t\t\t\t<div class=\"elementor-widget-container\">\n\t\t\t\t\t<h3 class=\"elementor-heading-title elementor-size-default\">Alimentos ricos en antioxidantes para elegir\n<\/h3>\t\t\t\t<\/div>\n\t\t\t\t<\/div>\n\t\t\t\t<div class=\"elementor-element elementor-element-b6a8db6 elementor-widget elementor-widget-text-editor\" data-id=\"b6a8db6\" data-element_type=\"widget\" data-widget_type=\"text-editor.default\">\n\t\t\t\t<div class=\"elementor-widget-container\">\n\t\t\t\t\t\t\t\t\tLas frutas y verduras de colores est\u00e1n repletas de antioxidantes naturales que protegen nuestra piel de los agresores externos. Las bayas, los c\u00edtricos y las verduras de color verde oscuro desempe\u00f1an un papel activo en la renovaci\u00f3n celular y mantienen la elasticidad de la piel. El omega 3, presente en el pescado azul y los frutos secos, refuerza la barrera cut\u00e1nea.  \t\t\t\t\t\t\t\t<\/div>\n\t\t\t\t<\/div>\n\t\t\t\t<\/div>\n\t\t<div class=\"elementor-element elementor-element-ec72b09 e-con-full e-flex e-con e-child\" data-id=\"ec72b09\" data-element_type=\"container\" data-settings=\"{&quot;background_background&quot;:&quot;classic&quot;}\">\n\t\t\t\t<div class=\"elementor-element elementor-element-172817b elementor-widget elementor-widget-heading\" data-id=\"172817b\" data-element_type=\"widget\" data-widget_type=\"heading.default\">\n\t\t\t\t<div class=\"elementor-widget-container\">\n\t\t\t\t\t<h3 class=\"elementor-heading-title elementor-size-default\">Hidrataci\u00f3n, la clave para una piel radiante\n<\/h3>\t\t\t\t<\/div>\n\t\t\t\t<\/div>\n\t\t\t\t<div class=\"elementor-element elementor-element-40c2cf7 elementor-widget elementor-widget-text-editor\" data-id=\"40c2cf7\" data-element_type=\"widget\" data-widget_type=\"text-editor.default\">\n\t\t\t\t<div class=\"elementor-widget-container\">\n\t\t\t\t\t\t\t\t\tBeber suficiente agua cada d\u00eda sigue siendo esencial para mantener la piel flexible y radiante. El agua ayuda a eliminar toxinas y favorece la regeneraci\u00f3n celular. Una buena hidrataci\u00f3n se refleja r\u00e1pidamente en nuestro cutis, que se vuelve m\u00e1s fresco y radiante.  \t\t\t\t\t\t\t\t<\/div>\n\t\t\t\t<\/div>\n\t\t\t\t<\/div>\n\t\t\t\t<\/div>\n\t\t\t\t\t<\/div>\n\t\t\t\t<\/div>\n\t\t<div class=\"elementor-element elementor-element-242d031 e-flex e-con-boxed e-con e-parent\" data-id=\"242d031\" data-element_type=\"container\">\n\t\t\t\t\t<div class=\"e-con-inner\">\n\t\t<div class=\"elementor-element elementor-element-ef52afb e-con-full e-flex e-con e-child\" data-id=\"ef52afb\" data-element_type=\"container\">\n\t\t\t\t<div class=\"elementor-element elementor-element-1fb7523 elementor-widget elementor-widget-heading\" data-id=\"1fb7523\" data-element_type=\"widget\" data-widget_type=\"heading.default\">\n\t\t\t\t<div class=\"elementor-widget-container\">\n\t\t\t\t\t<h2 class=\"elementor-heading-title elementor-size-default\">Haz ejercicio regularmente\n<\/h2>\t\t\t\t<\/div>\n\t\t\t\t<\/div>\n\t\t\t\t<div class=\"elementor-element elementor-element-093993d elementor-widget elementor-widget-text-editor\" data-id=\"093993d\" data-element_type=\"widget\" data-widget_type=\"text-editor.default\">\n\t\t\t\t<div class=\"elementor-widget-container\">\n\t\t\t\t\t\t\t\t\tLa actividad f\u00edsica regular es una parte fundamental para irradiar naturalidad. Influye directamente en nuestro aspecto y vitalidad. Una rutina de ejercicio adecuada mejora nuestra salud general y nuestra imagen personal.  \t\t\t\t\t\t\t\t<\/div>\n\t\t\t\t<\/div>\n\t\t<div class=\"elementor-element elementor-element-ba9a567 e-con-full e-flex e-con e-child\" data-id=\"ba9a567\" data-element_type=\"container\">\n\t\t\t\t<div class=\"elementor-element elementor-element-2af8213 elementor-flip-box--effect-flip elementor-flip-box--direction-up elementor-widget elementor-widget-flip-box\" data-id=\"2af8213\" data-element_type=\"widget\" data-widget_type=\"flip-box.default\">\n\t\t\t\t<div class=\"elementor-widget-container\">\n\t\t\t\t\t\t\t<div class=\"elementor-flip-box\" tabindex=\"0\">\n\t\t\t<div class=\"elementor-flip-box__layer elementor-flip-box__front\">\n\t\t\t\t<div class=\"elementor-flip-box__layer__overlay\">\n\t\t\t\t\t<div class=\"elementor-flip-box__layer__inner\">\n\t\t\t\t\t\t\t\t\t\t\t\t\t<div class=\"elementor-icon-wrapper elementor-view-default\">\n\t\t\t\t\t\t\t\t<div class=\"elementor-icon\">\n\t\t\t\t\t\t\t\t\t\t\t\t\t\t\t\t\t<\/div>\n\t\t\t\t\t\t\t<\/div>\n\t\t\t\t\t\t\n\t\t\t\t\t\t\n\t\t\t\t\t\t\t\t\t\t\t<\/div>\n\t\t\t\t<\/div>\n\t\t\t<\/div>\n\t\t\t<div class=\"elementor-flip-box__layer elementor-flip-box__back\">\n\t\t\t<div class=\"elementor-flip-box__layer__overlay\">\n\t\t\t\t<div class=\"elementor-flip-box__layer__inner\">\n\t\t\t\t\t\t\t\t\t\t\t<h3 class=\"elementor-flip-box__layer__title\">\n\t\t\t\t\t\t\tEjercicios para favorecer la circulaci\u00f3n sangu\u00ednea\t\t\t\t\t\t<\/h3>\n\t\t\t\t\t\n\t\t\t\t\t\t\t\t\t\t\t<div class=\"elementor-flip-box__layer__description\">\n\t\t\t\t\t\t\tCaminar a paso ligero, el yoga y la nataci\u00f3n son formas eficaces de estimular la circulaci\u00f3n sangu\u00ednea. Estas actividades llevan ox\u00edgeno y nutrientes a la piel. Un programa de ejercicio regular, combinado con una dieta sana, transforma nuestro cuerpo en un verdadero templo. Este enfoque hol\u00edstico mejora nuestro bienestar f\u00edsico y mental.   \t\t\t\t\t\t<\/div>\n\t\t\t\t\t\n\t\t\t\t\t\t\t\t<\/div>\n\t\t<\/div>\n\t\t<\/div>\n\t\t<\/div>\n\t\t\t\t\t\t<\/div>\n\t\t\t\t<\/div>\n\t\t\t\t<\/div>\n\t\t<div class=\"elementor-element elementor-element-03c8385 e-con-full e-flex e-con e-child\" data-id=\"03c8385\" data-element_type=\"container\">\n\t\t\t\t<div class=\"elementor-element elementor-element-adde554 elementor-flip-box--effect-flip elementor-flip-box--direction-up elementor-widget elementor-widget-flip-box\" data-id=\"adde554\" data-element_type=\"widget\" data-widget_type=\"flip-box.default\">\n\t\t\t\t<div class=\"elementor-widget-container\">\n\t\t\t\t\t\t\t<div class=\"elementor-flip-box\" tabindex=\"0\">\n\t\t\t<div class=\"elementor-flip-box__layer elementor-flip-box__front\">\n\t\t\t\t<div class=\"elementor-flip-box__layer__overlay\">\n\t\t\t\t\t<div class=\"elementor-flip-box__layer__inner\">\n\t\t\t\t\t\t\t\t\t\t\t\t\t<div class=\"elementor-icon-wrapper elementor-view-default\">\n\t\t\t\t\t\t\t\t<div class=\"elementor-icon\">\n\t\t\t\t\t\t\t\t\t\t\t\t\t\t\t\t\t<\/div>\n\t\t\t\t\t\t\t<\/div>\n\t\t\t\t\t\t\n\t\t\t\t\t\t\n\t\t\t\t\t\t\t\t\t\t\t<\/div>\n\t\t\t\t<\/div>\n\t\t\t<\/div>\n\t\t\t<div class=\"elementor-flip-box__layer elementor-flip-box__back\">\n\t\t\t<div class=\"elementor-flip-box__layer__overlay\">\n\t\t\t\t<div class=\"elementor-flip-box__layer__inner\">\n\t\t\t\t\t\t\t\t\t\t\t<h3 class=\"elementor-flip-box__layer__title\">\n\t\t\t\t\t\t\tRespiraci\u00f3n consciente para un cutis fresco\t\t\t\t\t\t<\/h3>\n\t\t\t\t\t\n\t\t\t\t\t\t\t\t\t\t\t<div class=\"elementor-flip-box__layer__description\">\n\t\t\t\t\t\t\tLa pr\u00e1ctica de la respiraci\u00f3n consciente forma parte natural de un enfoque de bienestar completo. Los ejercicios respiratorios oxigenan los tejidos y favorecen un cutis naturalmente radiante. Esta sencilla t\u00e9cnica, combinada con una rutina de belleza natural, ayuda a mantener una piel radiante. La meditaci\u00f3n y los ejercicios de respiraci\u00f3n son herramientas inestimables para estar radiante en la vida cotidiana.   \t\t\t\t\t\t<\/div>\n\t\t\t\t\t\n\t\t\t\t\t\t\t\t<\/div>\n\t\t<\/div>\n\t\t<\/div>\n\t\t<\/div>\n\t\t\t\t\t\t<\/div>\n\t\t\t\t<\/div>\n\t\t\t\t<\/div>\n\t\t\t\t<\/div>\n\t\t<div class=\"elementor-element elementor-element-5455e2e e-con-full e-flex e-con e-child\" data-id=\"5455e2e\" data-element_type=\"container\">\n\t\t\t\t<div class=\"elementor-element elementor-element-a4ffa27 elementor-widget elementor-widget-image\" data-id=\"a4ffa27\" data-element_type=\"widget\" data-widget_type=\"image.default\">\n\t\t\t\t<div class=\"elementor-widget-container\">\n\t\t\t\t\t\t\t\t\t\t\t\t\t\t\t<img decoding=\"async\" width=\"600\" height=\"638\" src=\"https:\/\/www.tresellabeauty.com\/wp-content\/uploads\/2025\/02\/about-us-image.jpg\" class=\"attachment-large size-large wp-image-623\" alt=\"\" srcset=\"https:\/\/www.tresellabeauty.com\/wp-content\/uploads\/2025\/02\/about-us-image.jpg 600w, https:\/\/www.tresellabeauty.com\/wp-content\/uploads\/2025\/02\/about-us-image-282x300.jpg 282w\" sizes=\"(max-width: 600px) 100vw, 600px\" \/>\t\t\t\t\t\t\t\t\t\t\t\t\t\t\t<\/div>\n\t\t\t\t<\/div>\n\t\t\t\t<\/div>\n\t\t\t\t\t<\/div>\n\t\t\t\t<\/div>\n\t\t<div class=\"elementor-element elementor-element-884901d e-flex e-con-boxed e-con e-parent\" data-id=\"884901d\" data-element_type=\"container\" data-settings=\"{&quot;background_background&quot;:&quot;classic&quot;}\">\n\t\t\t\t\t<div class=\"e-con-inner\">\n\t\t<div class=\"elementor-element elementor-element-79f57b6 e-con-full e-flex e-con e-child\" data-id=\"79f57b6\" data-element_type=\"container\">\n\t\t\t\t<div class=\"elementor-element elementor-element-9673d37 elementor-widget elementor-widget-heading\" data-id=\"9673d37\" data-element_type=\"widget\" data-widget_type=\"heading.default\">\n\t\t\t\t<div class=\"elementor-widget-container\">\n\t\t\t\t\t<h2 class=\"elementor-heading-title elementor-size-default\">Desarrolla tu bienestar mental\n<\/h2>\t\t\t\t<\/div>\n\t\t\t\t<\/div>\n\t\t\t\t<div class=\"elementor-element elementor-element-e097dde elementor-widget elementor-widget-text-editor\" data-id=\"e097dde\" data-element_type=\"widget\" data-widget_type=\"text-editor.default\">\n\t\t\t\t<div class=\"elementor-widget-container\">\n\t\t\t\t\t\t\t\t\t<p>El bienestar mental es un pilar fundamental del resplandor natural. Un enfoque global que incorpore pr\u00e1cticas regulares nos permite alcanzar un equilibrio armonioso entre el cuerpo y la mente. Este enfoque forma parte de una visi\u00f3n hol\u00edstica de la salud, en la que cada elemento desempe\u00f1a un papel en nuestro desarrollo personal.  <\/p>\t\t\t\t\t\t\t\t<\/div>\n\t\t\t\t<\/div>\n\t\t\t\t<\/div>\n\t\t<div class=\"elementor-element elementor-element-bd749e9 e-con-full e-flex e-con e-child\" data-id=\"bd749e9\" data-element_type=\"container\">\n\t\t<div class=\"elementor-element elementor-element-12e9e2d e-con-full e-flex e-con e-child\" data-id=\"12e9e2d\" data-element_type=\"container\" data-settings=\"{&quot;background_background&quot;:&quot;classic&quot;}\">\n\t\t\t\t<div class=\"elementor-element elementor-element-1bee171 elementor-widget elementor-widget-heading\" data-id=\"1bee171\" data-element_type=\"widget\" data-widget_type=\"heading.default\">\n\t\t\t\t<div class=\"elementor-widget-container\">\n\t\t\t\t\t<h3 class=\"elementor-heading-title elementor-size-default\">T\u00e9cnicas de meditaci\u00f3n diaria\n<\/h3>\t\t\t\t<\/div>\n\t\t\t\t<\/div>\n\t\t\t\t<div class=\"elementor-element elementor-element-6fb92eb elementor-widget elementor-widget-text-editor\" data-id=\"6fb92eb\" data-element_type=\"widget\" data-widget_type=\"text-editor.default\">\n\t\t\t\t<div class=\"elementor-widget-container\">\n\t\t\t\t\t\t\t\t\tLa meditaci\u00f3n es una pr\u00e1ctica esencial para cultivar la serenidad interior. Una sesi\u00f3n diaria, aunque sea breve, favorece la concentraci\u00f3n y reduce el estr\u00e9s. Esta disciplina milenaria se adapta especialmente bien a nuestro estilo de vida moderno. Los podcasts de salud son una forma excelente de orientar las sesiones y mantener una pr\u00e1ctica regular. Combinar la meditaci\u00f3n con una dieta sana, como sugiere Sophie Bourdon de The Green Life, potencia los beneficios para nuestro equilibrio mental.    \t\t\t\t\t\t\t\t<\/div>\n\t\t\t\t<\/div>\n\t\t\t\t<\/div>\n\t\t<div class=\"elementor-element elementor-element-4298a68 e-con-full e-flex e-con e-child\" data-id=\"4298a68\" data-element_type=\"container\" data-settings=\"{&quot;background_background&quot;:&quot;classic&quot;}\">\n\t\t\t\t<div class=\"elementor-element elementor-element-989eab7 elementor-widget elementor-widget-heading\" data-id=\"989eab7\" data-element_type=\"widget\" data-widget_type=\"heading.default\">\n\t\t\t\t<div class=\"elementor-widget-container\">\n\t\t\t\t\t<h3 class=\"elementor-heading-title elementor-size-default\">La importancia del sue\u00f1o reparador\n<\/h3>\t\t\t\t<\/div>\n\t\t\t\t<\/div>\n\t\t\t\t<div class=\"elementor-element elementor-element-7159d3c elementor-widget elementor-widget-text-editor\" data-id=\"7159d3c\" data-element_type=\"widget\" data-widget_type=\"text-editor.default\">\n\t\t\t\t<div class=\"elementor-widget-container\">\n\t\t\t\t\t\t\t\t\t<p>El sue\u00f1o es un factor importante en nuestra b\u00fasqueda del bienestar mental. Una buena noche de sue\u00f1o repercute directamente en nuestro aspecto f\u00edsico y estado psicol\u00f3gico. Para optimizar la calidad de nuestro sue\u00f1o, es beneficioso crear una rutina relajante. Este planteamiento forma parte de un enfoque global en el que el cuerpo se considera un templo, que requiere atenci\u00f3n y respeto. Un descanso adecuado, combinado con un estilo de vida saludable, nos ayuda de forma natural a irradiar y proyectar una imagen positiva.    <\/p>\t\t\t\t\t\t\t\t<\/div>\n\t\t\t\t<\/div>\n\t\t\t\t<\/div>\n\t\t\t\t<\/div>\n\t\t\t\t\t<\/div>\n\t\t\t\t<\/div>\n\t\t<div class=\"elementor-element elementor-element-c3c26d3 e-flex e-con-boxed e-con e-parent\" data-id=\"c3c26d3\" data-element_type=\"container\">\n\t\t\t\t\t<div class=\"e-con-inner\">\n\t\t<div class=\"elementor-element elementor-element-cd683cf e-con-full e-flex e-con e-child\" data-id=\"cd683cf\" data-element_type=\"container\">\n\t\t\t\t<div class=\"elementor-element elementor-element-abf85d4 elementor-widget elementor-widget-heading\" data-id=\"abf85d4\" data-element_type=\"widget\" data-widget_type=\"heading.default\">\n\t\t\t\t<div class=\"elementor-widget-container\">\n\t\t\t\t\t<h2 class=\"elementor-heading-title elementor-size-default\">Cuida tu aspecto exterior\n<\/h2>\t\t\t\t<\/div>\n\t\t\t\t<\/div>\n\t\t\t\t<div class=\"elementor-element elementor-element-88ea37d elementor-widget elementor-widget-text-editor\" data-id=\"88ea37d\" data-element_type=\"widget\" data-widget_type=\"text-editor.default\">\n\t\t\t\t<div class=\"elementor-widget-container\">\n\t\t\t\t\t\t\t\t\tCuidar tu aspecto es un proceso personal enriquecedor. Esta atenci\u00f3n a uno mismo refleja nuestro bienestar interior y fomenta una mayor confianza en uno mismo. Adoptar una rutina de belleza adecuada, combinada con gestos cotidianos de cuidado, ayuda a cultivar una imagen positiva.  \t\t\t\t\t\t\t\t<\/div>\n\t\t\t\t<\/div>\n\t\t<div class=\"elementor-element elementor-element-b5dcdcf e-con-full e-flex e-con e-child\" data-id=\"b5dcdcf\" data-element_type=\"container\" data-settings=\"{&quot;background_background&quot;:&quot;classic&quot;}\">\n\t\t\t\t<div class=\"elementor-element elementor-element-b57d167 elementor-widget elementor-widget-heading\" data-id=\"b57d167\" data-element_type=\"widget\" data-widget_type=\"heading.default\">\n\t\t\t\t<div class=\"elementor-widget-container\">\n\t\t\t\t\t<h3 class=\"elementor-heading-title elementor-size-default\">Cuidados naturales para una piel radiante\n<\/h3>\t\t\t\t<\/div>\n\t\t\t\t<\/div>\n\t\t\t\t<div class=\"elementor-element elementor-element-ae5742e elementor-widget elementor-widget-text-editor\" data-id=\"ae5742e\" data-element_type=\"widget\" data-widget_type=\"text-editor.default\">\n\t\t\t\t<div class=\"elementor-widget-container\">\n\t\t\t\t\t\t\t\t\t<p>Los productos naturales y locales son la base de una rutina de belleza eficaz. Las gamas de cuidado de la piel sin productos qu\u00edmicos, como las de Jacynthe Ren\u00e9e, garantizan resultados aut\u00e9nticos. Estos productos se utilizan respetando tanto la piel como el medio ambiente. Las pulseras de piedras semipreciosas pueden acompa\u00f1ar esta rutina, aportando sus beneficios espec\u00edficos y realzando al mismo tiempo el estilo personal.   <\/p>\t\t\t\t\t\t\t\t<\/div>\n\t\t\t\t<\/div>\n\t\t\t\t<div class=\"elementor-element elementor-element-c724cee elementor-widget elementor-widget-heading\" data-id=\"c724cee\" data-element_type=\"widget\" data-widget_type=\"heading.default\">\n\t\t\t\t<div class=\"elementor-widget-container\">\n\t\t\t\t\t<h3 class=\"elementor-heading-title elementor-size-default\">B\u00e1sicos de belleza cotidianos\n<\/h3>\t\t\t\t<\/div>\n\t\t\t\t<\/div>\n\t\t\t\t<div class=\"elementor-element elementor-element-3a544a4 elementor-widget elementor-widget-text-editor\" data-id=\"3a544a4\" data-element_type=\"widget\" data-widget_type=\"text-editor.default\">\n\t\t\t\t<div class=\"elementor-widget-container\">\n\t\t\t\t\t\t\t\t\t<p>Una higiene personal impecable es la base de un aspecto cuidado. Esto incluye un estilo de vida equilibrado que combine ejercicio f\u00edsico, alimentaci\u00f3n sana y descanso adecuado. La elecci\u00f3n de la ropa tambi\u00e9n desempe\u00f1a un papel importante: conocer tus colores y domar la forma de tu cuerpo puede crear un estilo \u00fanico. Los accesorios completan esta armon\u00eda visual, sin necesidad de seguir las \u00faltimas tendencias.   <\/p>\t\t\t\t\t\t\t\t<\/div>\n\t\t\t\t<\/div>\n\t\t\t\t<\/div>\n\t\t\t\t<\/div>\n\t\t<div class=\"elementor-element elementor-element-4010e95 e-con-full e-flex e-con e-child\" data-id=\"4010e95\" data-element_type=\"container\">\n\t\t\t\t<div class=\"elementor-element elementor-element-f82ef56 elementor-widget elementor-widget-image\" data-id=\"f82ef56\" data-element_type=\"widget\" data-widget_type=\"image.default\">\n\t\t\t\t<div class=\"elementor-widget-container\">\n\t\t\t\t\t\t\t\t\t\t\t\t\t\t\t<img loading=\"lazy\" decoding=\"async\" width=\"800\" height=\"760\" src=\"https:\/\/www.tresellabeauty.com\/wp-content\/uploads\/2025\/02\/home-hero-updated-image-minified.png\" class=\"attachment-large size-large wp-image-617\" alt=\"\" srcset=\"https:\/\/www.tresellabeauty.com\/wp-content\/uploads\/2025\/02\/home-hero-updated-image-minified.png 1000w, https:\/\/www.tresellabeauty.com\/wp-content\/uploads\/2025\/02\/home-hero-updated-image-minified-300x285.png 300w, https:\/\/www.tresellabeauty.com\/wp-content\/uploads\/2025\/02\/home-hero-updated-image-minified-768x730.png 768w\" sizes=\"(max-width: 800px) 100vw, 800px\" \/>\t\t\t\t\t\t\t\t\t\t\t\t\t\t\t<\/div>\n\t\t\t\t<\/div>\n\t\t\t\t<\/div>\n\t\t\t\t\t<\/div>\n\t\t\t\t<\/div>\n\t\t<div class=\"elementor-element elementor-element-60b62e9 e-flex e-con-boxed e-con e-parent\" data-id=\"60b62e9\" data-element_type=\"container\" data-settings=\"{&quot;background_background&quot;:&quot;classic&quot;}\">\n\t\t\t\t\t<div class=\"e-con-inner\">\n\t\t<div class=\"elementor-element elementor-element-9114f62 e-con-full e-flex e-con e-child\" data-id=\"9114f62\" data-element_type=\"container\">\n\t\t\t\t<div class=\"elementor-element elementor-element-2998cdd elementor-widget elementor-widget-heading\" data-id=\"2998cdd\" data-element_type=\"widget\" data-widget_type=\"heading.default\">\n\t\t\t\t<div class=\"elementor-widget-container\">\n\t\t\t\t\t<h2 class=\"elementor-heading-title elementor-size-default\">Adopta una rutina de belleza personalizada\n<\/h2>\t\t\t\t<\/div>\n\t\t\t\t<\/div>\n\t\t\t\t<div class=\"elementor-element elementor-element-4a63729 elementor-widget elementor-widget-text-editor\" data-id=\"4a63729\" data-element_type=\"widget\" data-widget_type=\"text-editor.default\">\n\t\t\t\t<div class=\"elementor-widget-container\">\n\t\t\t\t\t\t\t\t\tLa belleza natural prospera con un cuidado regular y adecuado de la piel. Una rutina de belleza personalizada es la base de una piel sana y radiante. Requiere una atenci\u00f3n especial a tus necesidades espec\u00edficas y un compromiso diario para obtener resultados duraderos.  \t\t\t\t\t\t\t\t<\/div>\n\t\t\t\t<\/div>\n\t\t\t\t<\/div>\n\t\t<div class=\"elementor-element elementor-element-0b8cfc2 e-con-full e-flex e-con e-child\" data-id=\"0b8cfc2\" data-element_type=\"container\">\n\t\t<div class=\"elementor-element elementor-element-4679059 e-con-full e-flex e-con e-child\" data-id=\"4679059\" data-element_type=\"container\">\n\t\t\t\t<div class=\"elementor-element elementor-element-23ffe13 elementor-widget elementor-widget-heading\" data-id=\"23ffe13\" data-element_type=\"widget\" data-widget_type=\"heading.default\">\n\t\t\t\t<div class=\"elementor-widget-container\">\n\t\t\t\t\t<h3 class=\"elementor-heading-title elementor-size-default\">Productos adaptados a tu tipo de piel\n<\/h3>\t\t\t\t<\/div>\n\t\t\t\t<\/div>\n\t\t\t\t<div class=\"elementor-element elementor-element-945bddd elementor-widget elementor-widget-text-editor\" data-id=\"945bddd\" data-element_type=\"widget\" data-widget_type=\"text-editor.default\">\n\t\t\t\t<div class=\"elementor-widget-container\">\n\t\t\t\t\t\t\t\t\tSeleccionar tus productos de cuidado de la piel es un paso fundamental en tu rutina de belleza. Cada tipo de piel requiere f\u00f3rmulas espec\u00edficas. Los productos naturales, disponibles localmente, ofrecen soluciones eficaces que respetan tu piel. Una consulta con un profesional de la salud puede orientarte en la elecci\u00f3n de los productos m\u00e1s adecuados a tus necesidades.   \t\t\t\t\t\t\t\t<\/div>\n\t\t\t\t<\/div>\n\t\t\t\t<\/div>\n\t\t<div class=\"elementor-element elementor-element-c12f323 e-con-full e-flex e-con e-child\" data-id=\"c12f323\" data-element_type=\"container\" data-settings=\"{&quot;background_background&quot;:&quot;classic&quot;}\">\n\t\t\t\t<\/div>\n\t\t<div class=\"elementor-element elementor-element-3bbb625 e-con-full e-flex e-con e-child\" data-id=\"3bbb625\" data-element_type=\"container\">\n\t\t\t\t<div class=\"elementor-element elementor-element-91b9153 elementor-widget elementor-widget-heading\" data-id=\"91b9153\" data-element_type=\"widget\" data-widget_type=\"heading.default\">\n\t\t\t\t<div class=\"elementor-widget-container\">\n\t\t\t\t\t<h3 class=\"elementor-heading-title elementor-size-default\">Rituales de ma\u00f1ana y noche para una piel radiante\n<\/h3>\t\t\t\t<\/div>\n\t\t\t\t<\/div>\n\t\t\t\t<div class=\"elementor-element elementor-element-9e33953 elementor-widget elementor-widget-text-editor\" data-id=\"9e33953\" data-element_type=\"widget\" data-widget_type=\"text-editor.default\">\n\t\t\t\t<div class=\"elementor-widget-container\">\n\t\t\t\t\t\t\t\t\tEl ritual matutino comienza con una limpieza suave de la piel, seguida de un tratamiento hidratante adecuado. Por la noche, la piel debe limpiarse a fondo para eliminar las impurezas acumuladas durante el d\u00eda. Esta rutina va acompa\u00f1ada de una dieta equilibrada, una buena hidrataci\u00f3n y un sue\u00f1o reparador. La regularidad en estos rituales diarios garantiza una piel naturalmente radiante.   \t\t\t\t\t\t\t\t<\/div>\n\t\t\t\t<\/div>\n\t\t\t\t<\/div>\n\t\t\t\t<\/div>\n\t\t\t\t\t<\/div>\n\t\t\t\t<\/div>\n\t\t<div class=\"elementor-element elementor-element-83af961 e-flex e-con-boxed e-con e-parent\" data-id=\"83af961\" data-element_type=\"container\" data-settings=\"{&quot;background_background&quot;:&quot;classic&quot;}\">\n\t\t\t\t\t<div class=\"e-con-inner\">\n\t\t<div class=\"elementor-element elementor-element-9590d3c e-con-full e-flex e-con e-child\" data-id=\"9590d3c\" data-element_type=\"container\">\n\t\t\t\t<div class=\"elementor-element elementor-element-b5b9167 elementor-widget elementor-widget-heading\" data-id=\"b5b9167\" data-element_type=\"widget\" data-widget_type=\"heading.default\">\n\t\t\t\t<div class=\"elementor-widget-container\">\n\t\t\t\t\t<h2 class=\"elementor-heading-title elementor-size-default\">Optimiza tus compras de belleza en farmacias\n<\/h2>\t\t\t\t<\/div>\n\t\t\t\t<\/div>\n\t\t\t\t<div class=\"elementor-element elementor-element-b5232fe elementor-widget elementor-widget-text-editor\" data-id=\"b5232fe\" data-element_type=\"widget\" data-widget_type=\"text-editor.default\">\n\t\t\t\t<div class=\"elementor-widget-container\">\n\t\t\t\t\t\t\t\t\tLas farmacias son un lugar estupendo para comprar productos de belleza, gracias a la calidad de sus productos y a la experiencia de sus profesionales. Las farmacias modernas ofrecen una amplia gama de servicios y productos adaptados a tus necesidades personales, con c\u00f3modas opciones de entrega y ventajosos programas. \t\t\t\t\t\t\t\t<\/div>\n\t\t\t\t<\/div>\n\t\t\t\t<\/div>\n\t\t<div class=\"elementor-element elementor-element-036b592 e-con-full e-flex e-con e-child\" data-id=\"036b592\" data-element_type=\"container\">\n\t\t<div class=\"elementor-element elementor-element-ede24e7 e-con-full e-flex e-con e-child\" data-id=\"ede24e7\" data-element_type=\"container\" data-settings=\"{&quot;background_background&quot;:&quot;classic&quot;}\">\n\t\t\t\t<div class=\"elementor-element elementor-element-9f1971a elementor-widget elementor-widget-heading\" data-id=\"9f1971a\" data-element_type=\"widget\" data-widget_type=\"heading.default\">\n\t\t\t\t<div class=\"elementor-widget-container\">\n\t\t\t\t\t<h3 class=\"elementor-heading-title elementor-size-default\">Asesoramiento personalizado de expertos farmac\u00e9uticos\n<\/h3>\t\t\t\t<\/div>\n\t\t\t\t<\/div>\n\t\t\t\t<div class=\"elementor-element elementor-element-4f776a7 elementor-widget elementor-widget-text-editor\" data-id=\"4f776a7\" data-element_type=\"widget\" data-widget_type=\"text-editor.default\">\n\t\t\t\t<div class=\"elementor-widget-container\">\n\t\t\t\t\t\t\t\t\tLos farmac\u00e9uticos y asesores de belleza ponen su experiencia a tu servicio para garantizarte una experiencia de compra satisfactoria. Ofrecen recomendaciones personalizadas en funci\u00f3n de tu edad, tipo de piel y preferencias. Hacen hincapi\u00e9 en los productos naturales y locales, como las gamas de Jacynthe Ren\u00e9e, que no contienen productos qu\u00edmicos. Los profesionales tambi\u00e9n te guiar\u00e1n hacia soluciones adaptadas a tu bienestar general, incluidos consejos sobre alimentaci\u00f3n sana y meditaci\u00f3n.   \t\t\t\t\t\t\t\t<\/div>\n\t\t\t\t<\/div>\n\t\t\t\t<\/div>\n\t\t\t\t<\/div>\n\t\t\t\t\t<\/div>\n\t\t\t\t<\/div>\n\t\t<div class=\"elementor-element elementor-element-e0acdbe e-flex e-con-boxed e-con e-parent\" data-id=\"e0acdbe\" data-element_type=\"container\" data-settings=\"{&quot;background_background&quot;:&quot;classic&quot;}\">\n\t\t\t\t\t<div class=\"e-con-inner\">\n\t\t<div class=\"elementor-element elementor-element-ae2e448 e-con-full e-flex e-con e-child\" data-id=\"ae2e448\" data-element_type=\"container\">\n\t\t\t\t<div class=\"elementor-element elementor-element-7fa22dd elementor-widget elementor-widget-heading\" data-id=\"7fa22dd\" data-element_type=\"widget\" data-widget_type=\"heading.default\">\n\t\t\t\t<div class=\"elementor-widget-container\">\n\t\t\t\t\t<h3 class=\"elementor-heading-title elementor-size-default\">Las ventajas de los programas de fidelizaci\u00f3n<br> para tus compras de belleza\n<\/h3>\t\t\t\t<\/div>\n\t\t\t\t<\/div>\n\t\t\t\t<div class=\"elementor-element elementor-element-0825a79 elementor-widget-divider--view-line elementor-widget elementor-widget-divider\" data-id=\"0825a79\" data-element_type=\"widget\" data-widget_type=\"divider.default\">\n\t\t\t\t<div class=\"elementor-widget-container\">\n\t\t\t\t\t\t\t<div class=\"elementor-divider\">\n\t\t\t<span class=\"elementor-divider-separator\">\n\t\t\t\t\t\t<\/span>\n\t\t<\/div>\n\t\t\t\t\t\t<\/div>\n\t\t\t\t<\/div>\n\t\t\t\t<div class=\"elementor-element elementor-element-a935460 elementor-widget elementor-widget-text-editor\" data-id=\"a935460\" data-element_type=\"widget\" data-widget_type=\"text-editor.default\">\n\t\t\t\t<div class=\"elementor-widget-container\">\n\t\t\t\t\t\t\t\t\t<p>El programa Moi ofrece ventajas exclusivas a los clientes habituales de la farmacia. Los miembros disfrutan de promociones especiales en productos de belleza, ofertas personalizadas y tarjetas regalo. Los servicios flexibles incluyen entrega gratuita con Uber Eats y recogida gratuita en tienda. Los clientes tambi\u00e9n se benefician de un acceso privilegiado a nuevos productos y ofertas especiales, lo que hace que las compras de belleza sean m\u00e1s econ\u00f3micas y c\u00f3modas.   <\/p>\t\t\t\t\t\t\t\t<\/div>\n\t\t\t\t<\/div>\n\t\t\t\t<div class=\"elementor-element elementor-element-9d37714 elementor-grid-2 elementor-posts--thumbnail-left elementor-grid-tablet-2 elementor-grid-mobile-1 elementor-widget elementor-widget-posts\" data-id=\"9d37714\" data-element_type=\"widget\" data-settings=\"{&quot;classic_columns&quot;:&quot;2&quot;,&quot;classic_columns_tablet&quot;:&quot;2&quot;,&quot;classic_columns_mobile&quot;:&quot;1&quot;,&quot;classic_row_gap&quot;:{&quot;unit&quot;:&quot;px&quot;,&quot;size&quot;:35,&quot;sizes&quot;:[]},&quot;classic_row_gap_tablet&quot;:{&quot;unit&quot;:&quot;px&quot;,&quot;size&quot;:&quot;&quot;,&quot;sizes&quot;:[]},&quot;classic_row_gap_mobile&quot;:{&quot;unit&quot;:&quot;px&quot;,&quot;size&quot;:&quot;&quot;,&quot;sizes&quot;:[]}}\" data-widget_type=\"posts.classic\">\n\t\t\t\t<div class=\"elementor-widget-container\">\n\t\t\t\t\t\t\t<div class=\"elementor-posts-container elementor-posts elementor-posts--skin-classic elementor-grid\">\n\t\t\t\t<article class=\"elementor-post elementor-grid-item post-647 post type-post status-publish format-standard hentry category-moda\">\n\t\t\t\t<div class=\"elementor-post__text\">\n\t\t\t\t<h3 class=\"elementor-post__title\">\n\t\t\t<a href=\"https:\/\/www.tresellabeauty.com\/es\/2025\/12\/24\/zapatos-para-pantalon-cargo-de-mujer-los-duos-ganadores\/\" >\n\t\t\t\tZapatos para pantal\u00f3n cargo de mujer: los d\u00faos ganadores\t\t\t<\/a>\n\t\t<\/h3>\n\t\t\t\t<\/div>\n\t\t\t\t<\/article>\n\t\t\t\t<article class=\"elementor-post elementor-grid-item post-633 post type-post status-publish format-standard has-post-thumbnail hentry category-belleza\">\n\t\t\t\t<a class=\"elementor-post__thumbnail__link\" href=\"https:\/\/www.tresellabeauty.com\/es\/2025\/07\/11\/significado-de-los-granos-en-la-cara\/\" tabindex=\"-1\" >\n\t\t\t<div class=\"elementor-post__thumbnail\"><img loading=\"lazy\" decoding=\"async\" width=\"2560\" height=\"1429\" src=\"https:\/\/www.tresellabeauty.com\/wp-content\/uploads\/2025\/07\/RjzprmE6aXkyxzNiVVhsj_29edb9def8f149e5b9e8b5346a09094f-scaled.jpg\" class=\"attachment-full size-full wp-image-635\" alt=\"\" srcset=\"https:\/\/www.tresellabeauty.com\/wp-content\/uploads\/2025\/07\/RjzprmE6aXkyxzNiVVhsj_29edb9def8f149e5b9e8b5346a09094f-scaled.jpg 2560w, https:\/\/www.tresellabeauty.com\/wp-content\/uploads\/2025\/07\/RjzprmE6aXkyxzNiVVhsj_29edb9def8f149e5b9e8b5346a09094f-300x167.jpg 300w, https:\/\/www.tresellabeauty.com\/wp-content\/uploads\/2025\/07\/RjzprmE6aXkyxzNiVVhsj_29edb9def8f149e5b9e8b5346a09094f-1024x572.jpg 1024w, https:\/\/www.tresellabeauty.com\/wp-content\/uploads\/2025\/07\/RjzprmE6aXkyxzNiVVhsj_29edb9def8f149e5b9e8b5346a09094f-768x429.jpg 768w, https:\/\/www.tresellabeauty.com\/wp-content\/uploads\/2025\/07\/RjzprmE6aXkyxzNiVVhsj_29edb9def8f149e5b9e8b5346a09094f-1536x857.jpg 1536w, https:\/\/www.tresellabeauty.com\/wp-content\/uploads\/2025\/07\/RjzprmE6aXkyxzNiVVhsj_29edb9def8f149e5b9e8b5346a09094f-2048x1143.jpg 2048w\" sizes=\"(max-width: 2560px) 100vw, 2560px\" \/><\/div>\n\t\t<\/a>\n\t\t\t\t<div class=\"elementor-post__text\">\n\t\t\t\t<h3 class=\"elementor-post__title\">\n\t\t\t<a href=\"https:\/\/www.tresellabeauty.com\/es\/2025\/07\/11\/significado-de-los-granos-en-la-cara\/\" >\n\t\t\t\tSignificado de los granos en la cara\t\t\t<\/a>\n\t\t<\/h3>\n\t\t\t\t<\/div>\n\t\t\t\t<\/article>\n\t\t\t\t<article class=\"elementor-post elementor-grid-item post-612 post type-post status-publish format-standard has-post-thumbnail hentry category-bienestar\">\n\t\t\t\t<a class=\"elementor-post__thumbnail__link\" href=\"https:\/\/www.tresellabeauty.com\/es\/2025\/07\/10\/picor-del-cuero-cabelludo-y-caspa-causas-y-soluciones\/\" tabindex=\"-1\" >\n\t\t\t<div class=\"elementor-post__thumbnail\"><img loading=\"lazy\" decoding=\"async\" width=\"2560\" height=\"1429\" src=\"https:\/\/www.tresellabeauty.com\/wp-content\/uploads\/2025\/07\/C5swfpIflQuDCKV_E6YCi_41fc69c202a64844bc45b108ce6a9774-scaled.jpg\" class=\"attachment-full size-full wp-image-613\" alt=\"\" srcset=\"https:\/\/www.tresellabeauty.com\/wp-content\/uploads\/2025\/07\/C5swfpIflQuDCKV_E6YCi_41fc69c202a64844bc45b108ce6a9774-scaled.jpg 2560w, https:\/\/www.tresellabeauty.com\/wp-content\/uploads\/2025\/07\/C5swfpIflQuDCKV_E6YCi_41fc69c202a64844bc45b108ce6a9774-300x167.jpg 300w, https:\/\/www.tresellabeauty.com\/wp-content\/uploads\/2025\/07\/C5swfpIflQuDCKV_E6YCi_41fc69c202a64844bc45b108ce6a9774-1024x572.jpg 1024w, https:\/\/www.tresellabeauty.com\/wp-content\/uploads\/2025\/07\/C5swfpIflQuDCKV_E6YCi_41fc69c202a64844bc45b108ce6a9774-768x429.jpg 768w, https:\/\/www.tresellabeauty.com\/wp-content\/uploads\/2025\/07\/C5swfpIflQuDCKV_E6YCi_41fc69c202a64844bc45b108ce6a9774-1536x857.jpg 1536w, https:\/\/www.tresellabeauty.com\/wp-content\/uploads\/2025\/07\/C5swfpIflQuDCKV_E6YCi_41fc69c202a64844bc45b108ce6a9774-2048x1143.jpg 2048w\" sizes=\"(max-width: 2560px) 100vw, 2560px\" \/><\/div>\n\t\t<\/a>\n\t\t\t\t<div class=\"elementor-post__text\">\n\t\t\t\t<h3 class=\"elementor-post__title\">\n\t\t\t<a href=\"https:\/\/www.tresellabeauty.com\/es\/2025\/07\/10\/picor-del-cuero-cabelludo-y-caspa-causas-y-soluciones\/\" >\n\t\t\t\tPicor del cuero cabelludo y caspa: causas y soluciones\t\t\t<\/a>\n\t\t<\/h3>\n\t\t\t\t<\/div>\n\t\t\t\t<\/article>\n\t\t\t\t<article class=\"elementor-post elementor-grid-item post-630 post type-post status-publish format-standard has-post-thumbnail hentry category-belleza\">\n\t\t\t\t<a class=\"elementor-post__thumbnail__link\" href=\"https:\/\/www.tresellabeauty.com\/es\/2025\/07\/09\/alergia-al-maquillaje-de-ojos-causas-y-soluciones\/\" tabindex=\"-1\" >\n\t\t\t<div class=\"elementor-post__thumbnail\"><img loading=\"lazy\" decoding=\"async\" width=\"2560\" height=\"1429\" src=\"https:\/\/www.tresellabeauty.com\/wp-content\/uploads\/2025\/07\/8kXBZxya8_W5LZ83thXS-_9b8cadf7e27f453a992ae5a846318be4-scaled.jpg\" class=\"attachment-full size-full wp-image-631\" alt=\"\" srcset=\"https:\/\/www.tresellabeauty.com\/wp-content\/uploads\/2025\/07\/8kXBZxya8_W5LZ83thXS-_9b8cadf7e27f453a992ae5a846318be4-scaled.jpg 2560w, https:\/\/www.tresellabeauty.com\/wp-content\/uploads\/2025\/07\/8kXBZxya8_W5LZ83thXS-_9b8cadf7e27f453a992ae5a846318be4-300x167.jpg 300w, https:\/\/www.tresellabeauty.com\/wp-content\/uploads\/2025\/07\/8kXBZxya8_W5LZ83thXS-_9b8cadf7e27f453a992ae5a846318be4-1024x572.jpg 1024w, https:\/\/www.tresellabeauty.com\/wp-content\/uploads\/2025\/07\/8kXBZxya8_W5LZ83thXS-_9b8cadf7e27f453a992ae5a846318be4-768x429.jpg 768w, https:\/\/www.tresellabeauty.com\/wp-content\/uploads\/2025\/07\/8kXBZxya8_W5LZ83thXS-_9b8cadf7e27f453a992ae5a846318be4-1536x857.jpg 1536w, https:\/\/www.tresellabeauty.com\/wp-content\/uploads\/2025\/07\/8kXBZxya8_W5LZ83thXS-_9b8cadf7e27f453a992ae5a846318be4-2048x1143.jpg 2048w\" sizes=\"(max-width: 2560px) 100vw, 2560px\" \/><\/div>\n\t\t<\/a>\n\t\t\t\t<div class=\"elementor-post__text\">\n\t\t\t\t<h3 class=\"elementor-post__title\">\n\t\t\t<a href=\"https:\/\/www.tresellabeauty.com\/es\/2025\/07\/09\/alergia-al-maquillaje-de-ojos-causas-y-soluciones\/\" >\n\t\t\t\tAlergia al maquillaje de ojos: causas y soluciones\t\t\t<\/a>\n\t\t<\/h3>\n\t\t\t\t<\/div>\n\t\t\t\t<\/article>\n\t\t\t\t<article class=\"elementor-post elementor-grid-item post-637 post type-post status-publish format-standard has-post-thumbnail hentry\">\n\t\t\t\t<a class=\"elementor-post__thumbnail__link\" href=\"https:\/\/www.tresellabeauty.com\/es\/2025\/07\/08\/comprender-y-aliviar-el-dolor-del-cuero-cabelludo-2\/\" tabindex=\"-1\" >\n\t\t\t<div class=\"elementor-post__thumbnail\"><img loading=\"lazy\" decoding=\"async\" width=\"2560\" height=\"1429\" src=\"https:\/\/www.tresellabeauty.com\/wp-content\/uploads\/2025\/07\/9lJ5M5aFvfzfk67jVkq2N_6db4b9c374b04f00a2bf92ff35cb1ea1-scaled.jpg\" class=\"attachment-full size-full wp-image-638\" alt=\"\" srcset=\"https:\/\/www.tresellabeauty.com\/wp-content\/uploads\/2025\/07\/9lJ5M5aFvfzfk67jVkq2N_6db4b9c374b04f00a2bf92ff35cb1ea1-scaled.jpg 2560w, https:\/\/www.tresellabeauty.com\/wp-content\/uploads\/2025\/07\/9lJ5M5aFvfzfk67jVkq2N_6db4b9c374b04f00a2bf92ff35cb1ea1-300x167.jpg 300w, https:\/\/www.tresellabeauty.com\/wp-content\/uploads\/2025\/07\/9lJ5M5aFvfzfk67jVkq2N_6db4b9c374b04f00a2bf92ff35cb1ea1-1024x572.jpg 1024w, https:\/\/www.tresellabeauty.com\/wp-content\/uploads\/2025\/07\/9lJ5M5aFvfzfk67jVkq2N_6db4b9c374b04f00a2bf92ff35cb1ea1-768x429.jpg 768w, https:\/\/www.tresellabeauty.com\/wp-content\/uploads\/2025\/07\/9lJ5M5aFvfzfk67jVkq2N_6db4b9c374b04f00a2bf92ff35cb1ea1-1536x857.jpg 1536w, https:\/\/www.tresellabeauty.com\/wp-content\/uploads\/2025\/07\/9lJ5M5aFvfzfk67jVkq2N_6db4b9c374b04f00a2bf92ff35cb1ea1-2048x1143.jpg 2048w\" sizes=\"(max-width: 2560px) 100vw, 2560px\" \/><\/div>\n\t\t<\/a>\n\t\t\t\t<div class=\"elementor-post__text\">\n\t\t\t\t<h3 class=\"elementor-post__title\">\n\t\t\t<a href=\"https:\/\/www.tresellabeauty.com\/es\/2025\/07\/08\/comprender-y-aliviar-el-dolor-del-cuero-cabelludo-2\/\" >\n\t\t\t\tComprender y aliviar el dolor del cuero cabelludo\t\t\t<\/a>\n\t\t<\/h3>\n\t\t\t\t<\/div>\n\t\t\t\t<\/article>\n\t\t\t\t<article class=\"elementor-post elementor-grid-item post-610 post type-post status-publish format-standard has-post-thumbnail hentry category-belleza\">\n\t\t\t\t<a class=\"elementor-post__thumbnail__link\" href=\"https:\/\/www.tresellabeauty.com\/es\/2025\/07\/07\/todo-lo-que-debes-saber-sobre-las-mechas-rubias-tecnicas-mantenimiento-y-tendencias\/\" tabindex=\"-1\" >\n\t\t\t<div class=\"elementor-post__thumbnail\"><img loading=\"lazy\" decoding=\"async\" width=\"2560\" height=\"1429\" src=\"https:\/\/www.tresellabeauty.com\/wp-content\/uploads\/2025\/07\/ryazqaRIQQJsQvkORoYIs_c4f703f9d0da4e2ab555131d476c0514-scaled.jpg\" class=\"attachment-full size-full wp-image-611\" alt=\"\" srcset=\"https:\/\/www.tresellabeauty.com\/wp-content\/uploads\/2025\/07\/ryazqaRIQQJsQvkORoYIs_c4f703f9d0da4e2ab555131d476c0514-scaled.jpg 2560w, https:\/\/www.tresellabeauty.com\/wp-content\/uploads\/2025\/07\/ryazqaRIQQJsQvkORoYIs_c4f703f9d0da4e2ab555131d476c0514-300x167.jpg 300w, https:\/\/www.tresellabeauty.com\/wp-content\/uploads\/2025\/07\/ryazqaRIQQJsQvkORoYIs_c4f703f9d0da4e2ab555131d476c0514-1024x572.jpg 1024w, https:\/\/www.tresellabeauty.com\/wp-content\/uploads\/2025\/07\/ryazqaRIQQJsQvkORoYIs_c4f703f9d0da4e2ab555131d476c0514-768x429.jpg 768w, https:\/\/www.tresellabeauty.com\/wp-content\/uploads\/2025\/07\/ryazqaRIQQJsQvkORoYIs_c4f703f9d0da4e2ab555131d476c0514-1536x857.jpg 1536w, https:\/\/www.tresellabeauty.com\/wp-content\/uploads\/2025\/07\/ryazqaRIQQJsQvkORoYIs_c4f703f9d0da4e2ab555131d476c0514-2048x1143.jpg 2048w\" sizes=\"(max-width: 2560px) 100vw, 2560px\" \/><\/div>\n\t\t<\/a>\n\t\t\t\t<div class=\"elementor-post__text\">\n\t\t\t\t<h3 class=\"elementor-post__title\">\n\t\t\t<a href=\"https:\/\/www.tresellabeauty.com\/es\/2025\/07\/07\/todo-lo-que-debes-saber-sobre-las-mechas-rubias-tecnicas-mantenimiento-y-tendencias\/\" >\n\t\t\t\tTodo lo que debes saber sobre las mechas rubias: t\u00e9cnicas, mantenimiento y tendencias\t\t\t<\/a>\n\t\t<\/h3>\n\t\t\t\t<\/div>\n\t\t\t\t<\/article>\n\t\t\t\t<article class=\"elementor-post elementor-grid-item post-608 post type-post status-publish format-standard has-post-thumbnail hentry category-bienestar\">\n\t\t\t\t<a class=\"elementor-post__thumbnail__link\" href=\"https:\/\/www.tresellabeauty.com\/es\/2025\/07\/06\/piel-de-fresa-en-los-brazos-causas-tratamientos-y-consejos\/\" tabindex=\"-1\" >\n\t\t\t<div class=\"elementor-post__thumbnail\"><img loading=\"lazy\" decoding=\"async\" width=\"2560\" height=\"1429\" src=\"https:\/\/www.tresellabeauty.com\/wp-content\/uploads\/2025\/07\/uFuYmwqvrBnI-81E_3i8z_62d38ee1c04d40188874cdc606480e4c-scaled.jpg\" class=\"attachment-full size-full wp-image-609\" alt=\"\" srcset=\"https:\/\/www.tresellabeauty.com\/wp-content\/uploads\/2025\/07\/uFuYmwqvrBnI-81E_3i8z_62d38ee1c04d40188874cdc606480e4c-scaled.jpg 2560w, https:\/\/www.tresellabeauty.com\/wp-content\/uploads\/2025\/07\/uFuYmwqvrBnI-81E_3i8z_62d38ee1c04d40188874cdc606480e4c-300x167.jpg 300w, https:\/\/www.tresellabeauty.com\/wp-content\/uploads\/2025\/07\/uFuYmwqvrBnI-81E_3i8z_62d38ee1c04d40188874cdc606480e4c-1024x572.jpg 1024w, https:\/\/www.tresellabeauty.com\/wp-content\/uploads\/2025\/07\/uFuYmwqvrBnI-81E_3i8z_62d38ee1c04d40188874cdc606480e4c-768x429.jpg 768w, https:\/\/www.tresellabeauty.com\/wp-content\/uploads\/2025\/07\/uFuYmwqvrBnI-81E_3i8z_62d38ee1c04d40188874cdc606480e4c-1536x857.jpg 1536w, https:\/\/www.tresellabeauty.com\/wp-content\/uploads\/2025\/07\/uFuYmwqvrBnI-81E_3i8z_62d38ee1c04d40188874cdc606480e4c-2048x1143.jpg 2048w\" sizes=\"(max-width: 2560px) 100vw, 2560px\" \/><\/div>\n\t\t<\/a>\n\t\t\t\t<div class=\"elementor-post__text\">\n\t\t\t\t<h3 class=\"elementor-post__title\">\n\t\t\t<a href=\"https:\/\/www.tresellabeauty.com\/es\/2025\/07\/06\/piel-de-fresa-en-los-brazos-causas-tratamientos-y-consejos\/\" >\n\t\t\t\tPiel de fresa en los brazos: causas, tratamientos y consejos\t\t\t<\/a>\n\t\t<\/h3>\n\t\t\t\t<\/div>\n\t\t\t\t<\/article>\n\t\t\t\t<article class=\"elementor-post elementor-grid-item post-614 post type-post status-publish format-standard has-post-thumbnail hentry category-bienestar\">\n\t\t\t\t<a class=\"elementor-post__thumbnail__link\" href=\"https:\/\/www.tresellabeauty.com\/es\/2025\/07\/05\/cicatrices-viejas-e-hinchadas-causas-y-soluciones\/\" tabindex=\"-1\" >\n\t\t\t<div class=\"elementor-post__thumbnail\"><img loading=\"lazy\" decoding=\"async\" width=\"2560\" height=\"1429\" src=\"https:\/\/www.tresellabeauty.com\/wp-content\/uploads\/2025\/07\/iVmlkLQOlKd-JeA_jJlLG_61aa4fe256ae4043810b1c2c7f49e7c7-scaled.jpg\" class=\"attachment-full size-full wp-image-615\" alt=\"\" srcset=\"https:\/\/www.tresellabeauty.com\/wp-content\/uploads\/2025\/07\/iVmlkLQOlKd-JeA_jJlLG_61aa4fe256ae4043810b1c2c7f49e7c7-scaled.jpg 2560w, https:\/\/www.tresellabeauty.com\/wp-content\/uploads\/2025\/07\/iVmlkLQOlKd-JeA_jJlLG_61aa4fe256ae4043810b1c2c7f49e7c7-300x167.jpg 300w, https:\/\/www.tresellabeauty.com\/wp-content\/uploads\/2025\/07\/iVmlkLQOlKd-JeA_jJlLG_61aa4fe256ae4043810b1c2c7f49e7c7-1024x572.jpg 1024w, https:\/\/www.tresellabeauty.com\/wp-content\/uploads\/2025\/07\/iVmlkLQOlKd-JeA_jJlLG_61aa4fe256ae4043810b1c2c7f49e7c7-768x429.jpg 768w, https:\/\/www.tresellabeauty.com\/wp-content\/uploads\/2025\/07\/iVmlkLQOlKd-JeA_jJlLG_61aa4fe256ae4043810b1c2c7f49e7c7-1536x857.jpg 1536w, https:\/\/www.tresellabeauty.com\/wp-content\/uploads\/2025\/07\/iVmlkLQOlKd-JeA_jJlLG_61aa4fe256ae4043810b1c2c7f49e7c7-2048x1143.jpg 2048w\" sizes=\"(max-width: 2560px) 100vw, 2560px\" \/><\/div>\n\t\t<\/a>\n\t\t\t\t<div class=\"elementor-post__text\">\n\t\t\t\t<h3 class=\"elementor-post__title\">\n\t\t\t<a href=\"https:\/\/www.tresellabeauty.com\/es\/2025\/07\/05\/cicatrices-viejas-e-hinchadas-causas-y-soluciones\/\" >\n\t\t\t\tCicatrices viejas e hinchadas: causas y soluciones\t\t\t<\/a>\n\t\t<\/h3>\n\t\t\t\t<\/div>\n\t\t\t\t<\/article>\n\t\t\t\t<article class=\"elementor-post elementor-grid-item post-604 post type-post status-publish format-standard has-post-thumbnail hentry category-bienestar\">\n\t\t\t\t<a class=\"elementor-post__thumbnail__link\" href=\"https:\/\/www.tresellabeauty.com\/es\/2025\/07\/04\/comprender-y-aliviar-el-dolor-del-cuero-cabelludo\/\" tabindex=\"-1\" >\n\t\t\t<div class=\"elementor-post__thumbnail\"><img loading=\"lazy\" decoding=\"async\" width=\"2560\" height=\"1429\" src=\"https:\/\/www.tresellabeauty.com\/wp-content\/uploads\/2025\/07\/U58V9Ha0VrT3Emkb9MwFZ_698f0bebd66e4a36b1964e0f72fb34b9-scaled.jpg\" class=\"attachment-full size-full wp-image-605\" alt=\"\" srcset=\"https:\/\/www.tresellabeauty.com\/wp-content\/uploads\/2025\/07\/U58V9Ha0VrT3Emkb9MwFZ_698f0bebd66e4a36b1964e0f72fb34b9-scaled.jpg 2560w, https:\/\/www.tresellabeauty.com\/wp-content\/uploads\/2025\/07\/U58V9Ha0VrT3Emkb9MwFZ_698f0bebd66e4a36b1964e0f72fb34b9-300x167.jpg 300w, https:\/\/www.tresellabeauty.com\/wp-content\/uploads\/2025\/07\/U58V9Ha0VrT3Emkb9MwFZ_698f0bebd66e4a36b1964e0f72fb34b9-1024x572.jpg 1024w, https:\/\/www.tresellabeauty.com\/wp-content\/uploads\/2025\/07\/U58V9Ha0VrT3Emkb9MwFZ_698f0bebd66e4a36b1964e0f72fb34b9-768x429.jpg 768w, https:\/\/www.tresellabeauty.com\/wp-content\/uploads\/2025\/07\/U58V9Ha0VrT3Emkb9MwFZ_698f0bebd66e4a36b1964e0f72fb34b9-1536x857.jpg 1536w, https:\/\/www.tresellabeauty.com\/wp-content\/uploads\/2025\/07\/U58V9Ha0VrT3Emkb9MwFZ_698f0bebd66e4a36b1964e0f72fb34b9-2048x1143.jpg 2048w\" sizes=\"(max-width: 2560px) 100vw, 2560px\" \/><\/div>\n\t\t<\/a>\n\t\t\t\t<div class=\"elementor-post__text\">\n\t\t\t\t<h3 class=\"elementor-post__title\">\n\t\t\t<a href=\"https:\/\/www.tresellabeauty.com\/es\/2025\/07\/04\/comprender-y-aliviar-el-dolor-del-cuero-cabelludo\/\" >\n\t\t\t\tComprender y aliviar el dolor del cuero cabelludo\t\t\t<\/a>\n\t\t<\/h3>\n\t\t\t\t<\/div>\n\t\t\t\t<\/article>\n\t\t\t\t<article class=\"elementor-post elementor-grid-item post-602 post type-post status-publish format-standard has-post-thumbnail hentry category-belleza\">\n\t\t\t\t<a class=\"elementor-post__thumbnail__link\" href=\"https:\/\/www.tresellabeauty.com\/es\/2025\/06\/16\/que-rutina-de-cuidados-se-recomienda-para-la-piel-madura\/\" tabindex=\"-1\" >\n\t\t\t<div class=\"elementor-post__thumbnail\"><img loading=\"lazy\" decoding=\"async\" width=\"2560\" height=\"1429\" src=\"https:\/\/www.tresellabeauty.com\/wp-content\/uploads\/2025\/06\/quelle-routine-de-soins-est-recommandee-pour-une-peau-mature-scaled.jpg\" class=\"attachment-full size-full wp-image-603\" alt=\"\" srcset=\"https:\/\/www.tresellabeauty.com\/wp-content\/uploads\/2025\/06\/quelle-routine-de-soins-est-recommandee-pour-une-peau-mature-scaled.jpg 2560w, https:\/\/www.tresellabeauty.com\/wp-content\/uploads\/2025\/06\/quelle-routine-de-soins-est-recommandee-pour-une-peau-mature-300x167.jpg 300w, https:\/\/www.tresellabeauty.com\/wp-content\/uploads\/2025\/06\/quelle-routine-de-soins-est-recommandee-pour-une-peau-mature-1024x572.jpg 1024w, https:\/\/www.tresellabeauty.com\/wp-content\/uploads\/2025\/06\/quelle-routine-de-soins-est-recommandee-pour-une-peau-mature-768x429.jpg 768w, https:\/\/www.tresellabeauty.com\/wp-content\/uploads\/2025\/06\/quelle-routine-de-soins-est-recommandee-pour-une-peau-mature-1536x857.jpg 1536w, https:\/\/www.tresellabeauty.com\/wp-content\/uploads\/2025\/06\/quelle-routine-de-soins-est-recommandee-pour-une-peau-mature-2048x1143.jpg 2048w\" sizes=\"(max-width: 2560px) 100vw, 2560px\" \/><\/div>\n\t\t<\/a>\n\t\t\t\t<div class=\"elementor-post__text\">\n\t\t\t\t<h3 class=\"elementor-post__title\">\n\t\t\t<a href=\"https:\/\/www.tresellabeauty.com\/es\/2025\/06\/16\/que-rutina-de-cuidados-se-recomienda-para-la-piel-madura\/\" >\n\t\t\t\t\u00bfQu\u00e9 rutina de cuidados se recomienda para la piel madura?\t\t\t<\/a>\n\t\t<\/h3>\n\t\t\t\t<\/div>\n\t\t\t\t<\/article>\n\t\t\t\t<article class=\"elementor-post elementor-grid-item post-585 post type-post status-publish format-standard has-post-thumbnail hentry category-belleza\">\n\t\t\t\t<a class=\"elementor-post__thumbnail__link\" href=\"https:\/\/www.tresellabeauty.com\/es\/2025\/05\/26\/como-saber-si-los-granos-estan-causados-por-el-estres\/\" tabindex=\"-1\" >\n\t\t\t<div class=\"elementor-post__thumbnail\"><img loading=\"lazy\" decoding=\"async\" width=\"2560\" height=\"1429\" src=\"https:\/\/www.tresellabeauty.com\/wp-content\/uploads\/2025\/05\/comment-savoir-si-les-boutons-sont-dus-au-stress-scaled.jpg\" class=\"attachment-full size-full wp-image-586\" alt=\"\" srcset=\"https:\/\/www.tresellabeauty.com\/wp-content\/uploads\/2025\/05\/comment-savoir-si-les-boutons-sont-dus-au-stress-scaled.jpg 2560w, https:\/\/www.tresellabeauty.com\/wp-content\/uploads\/2025\/05\/comment-savoir-si-les-boutons-sont-dus-au-stress-300x167.jpg 300w, https:\/\/www.tresellabeauty.com\/wp-content\/uploads\/2025\/05\/comment-savoir-si-les-boutons-sont-dus-au-stress-1024x572.jpg 1024w, https:\/\/www.tresellabeauty.com\/wp-content\/uploads\/2025\/05\/comment-savoir-si-les-boutons-sont-dus-au-stress-768x429.jpg 768w, https:\/\/www.tresellabeauty.com\/wp-content\/uploads\/2025\/05\/comment-savoir-si-les-boutons-sont-dus-au-stress-1536x857.jpg 1536w, https:\/\/www.tresellabeauty.com\/wp-content\/uploads\/2025\/05\/comment-savoir-si-les-boutons-sont-dus-au-stress-2048x1143.jpg 2048w\" sizes=\"(max-width: 2560px) 100vw, 2560px\" \/><\/div>\n\t\t<\/a>\n\t\t\t\t<div class=\"elementor-post__text\">\n\t\t\t\t<h3 class=\"elementor-post__title\">\n\t\t\t<a href=\"https:\/\/www.tresellabeauty.com\/es\/2025\/05\/26\/como-saber-si-los-granos-estan-causados-por-el-estres\/\" >\n\t\t\t\t\u00bfC\u00f3mo saber si los granos est\u00e1n causados por el estr\u00e9s?\t\t\t<\/a>\n\t\t<\/h3>\n\t\t\t\t<\/div>\n\t\t\t\t<\/article>\n\t\t\t\t<\/div>\n\t\t\n\t\t\t\t\t\t<\/div>\n\t\t\t\t<\/div>\n\t\t\t\t<\/div>\n\t\t\t\t\t<\/div>\n\t\t\t\t<\/div>\n\t\t\t\t<\/div>\n\t\t","protected":false},"excerpt":{"rendered":"<p>Los mejores consejos para brillar desde: dentro y desde fuera Brillar de forma natural requiere un enfoque hol\u00edstico que empiece desde dentro. Una piel sana<\/p>\n","protected":false},"author":1,"featured_media":0,"parent":0,"menu_order":0,"comment_status":"closed","ping_status":"closed","template":"","meta":{"footnotes":""},"class_list":["post-616","page","type-page","status-publish","hentry"],"yoast_head":"<!-- This site is optimized with the Yoast SEO plugin v24.5 - https:\/\/yoast.com\/wordpress\/plugins\/seo\/ -->\n<title>Tresellabeauty: Los mejores consejos para brillar desde dentro<\/title>\n<meta name=\"description\" content=\"Brillar de forma natural requiere un enfoque hol\u00edstico que empiece desde el interior. Una piel sana y radiante refleja nuestros h\u00e1bitos....\" \/>\n<meta name=\"robots\" content=\"index, follow, max-snippet:-1, max-image-preview:large, max-video-preview:-1\" \/>\n<link rel=\"canonical\" href=\"https:\/\/www.tresellabeauty.com\/es\/\" \/>\n<meta property=\"og:locale\" content=\"es_ES\" \/>\n<meta property=\"og:type\" content=\"article\" \/>\n<meta property=\"og:title\" content=\"Tresellabeauty: Los mejores consejos para brillar desde dentro\" \/>\n<meta property=\"og:description\" content=\"Brillar de forma natural requiere un enfoque hol\u00edstico que empiece desde el interior. Una piel sana y radiante refleja nuestros h\u00e1bitos....\" \/>\n<meta property=\"og:url\" content=\"https:\/\/www.tresellabeauty.com\/es\/\" \/>\n<meta property=\"og:site_name\" content=\"tresellabeauty\" \/>\n<meta property=\"article:modified_time\" content=\"2025-11-27T13:21:28+00:00\" \/>\n<meta property=\"og:image\" content=\"https:\/\/www.tresellabeauty.com\/wp-content\/uploads\/2025\/02\/main-banner-small-image.jpg\" \/>\n\t<meta property=\"og:image:width\" content=\"522\" \/>\n\t<meta property=\"og:image:height\" content=\"638\" \/>\n\t<meta property=\"og:image:type\" content=\"image\/jpeg\" \/>\n<meta name=\"twitter:card\" content=\"summary_large_image\" \/>\n<meta name=\"twitter:label1\" content=\"Tiempo de lectura\" \/>\n\t<meta name=\"twitter:data1\" content=\"6 minutos\" \/>\n<script type=\"application\/ld+json\" class=\"yoast-schema-graph\">{\"@context\":\"https:\/\/schema.org\",\"@graph\":[{\"@type\":\"WebPage\",\"@id\":\"https:\/\/www.tresellabeauty.com\/es\/\",\"url\":\"https:\/\/www.tresellabeauty.com\/es\/\",\"name\":\"Tresellabeauty: Los mejores consejos para brillar desde dentro\",\"isPartOf\":{\"@id\":\"https:\/\/www.tresellabeauty.com\/es\/#website\"},\"primaryImageOfPage\":{\"@id\":\"https:\/\/www.tresellabeauty.com\/es\/#primaryimage\"},\"image\":{\"@id\":\"https:\/\/www.tresellabeauty.com\/es\/#primaryimage\"},\"thumbnailUrl\":\"https:\/\/www.tresellabeauty.com\/wp-content\/uploads\/2025\/02\/main-banner-small-image.jpg\",\"datePublished\":\"2025-02-20T07:20:22+00:00\",\"dateModified\":\"2025-11-27T13:21:28+00:00\",\"description\":\"Brillar de forma natural requiere un enfoque hol\u00edstico que empiece desde el interior. Una piel sana y radiante refleja nuestros h\u00e1bitos....\",\"breadcrumb\":{\"@id\":\"https:\/\/www.tresellabeauty.com\/es\/#breadcrumb\"},\"inLanguage\":\"es\",\"potentialAction\":[{\"@type\":\"ReadAction\",\"target\":[\"https:\/\/www.tresellabeauty.com\/es\/\"]}]},{\"@type\":\"ImageObject\",\"inLanguage\":\"es\",\"@id\":\"https:\/\/www.tresellabeauty.com\/es\/#primaryimage\",\"url\":\"https:\/\/www.tresellabeauty.com\/wp-content\/uploads\/2025\/02\/main-banner-small-image.jpg\",\"contentUrl\":\"https:\/\/www.tresellabeauty.com\/wp-content\/uploads\/2025\/02\/main-banner-small-image.jpg\"},{\"@type\":\"BreadcrumbList\",\"@id\":\"https:\/\/www.tresellabeauty.com\/es\/#breadcrumb\",\"itemListElement\":[{\"@type\":\"ListItem\",\"position\":1,\"name\":\"Inicio\",\"item\":\"https:\/\/www.tresellabeauty.com\/es\/tresellabeauty\/\"},{\"@type\":\"ListItem\",\"position\":2,\"name\":\"Tresellabeauty\"}]},{\"@type\":\"WebSite\",\"@id\":\"https:\/\/www.tresellabeauty.com\/es\/#website\",\"url\":\"https:\/\/www.tresellabeauty.com\/es\/\",\"name\":\"tresellabeauty\",\"description\":\"tresellabeauty\",\"potentialAction\":[{\"@type\":\"SearchAction\",\"target\":{\"@type\":\"EntryPoint\",\"urlTemplate\":\"https:\/\/www.tresellabeauty.com\/es\/?s={search_term_string}\"},\"query-input\":{\"@type\":\"PropertyValueSpecification\",\"valueRequired\":true,\"valueName\":\"search_term_string\"}}],\"inLanguage\":\"es\"}]}<\/script>\n<!-- \/ Yoast SEO plugin. -->","yoast_head_json":{"title":"Tresellabeauty: Los mejores consejos para brillar desde dentro","description":"Brillar de forma natural requiere un enfoque hol\u00edstico que empiece desde el interior. Una piel sana y radiante refleja nuestros h\u00e1bitos....","robots":{"index":"index","follow":"follow","max-snippet":"max-snippet:-1","max-image-preview":"max-image-preview:large","max-video-preview":"max-video-preview:-1"},"canonical":"https:\/\/www.tresellabeauty.com\/es\/","og_locale":"es_ES","og_type":"article","og_title":"Tresellabeauty: Los mejores consejos para brillar desde dentro","og_description":"Brillar de forma natural requiere un enfoque hol\u00edstico que empiece desde el interior. Una piel sana y radiante refleja nuestros h\u00e1bitos....","og_url":"https:\/\/www.tresellabeauty.com\/es\/","og_site_name":"tresellabeauty","article_modified_time":"2025-11-27T13:21:28+00:00","og_image":[{"width":522,"height":638,"url":"https:\/\/www.tresellabeauty.com\/wp-content\/uploads\/2025\/02\/main-banner-small-image.jpg","type":"image\/jpeg"}],"twitter_card":"summary_large_image","twitter_misc":{"Tiempo de lectura":"6 minutos"},"schema":{"@context":"https:\/\/schema.org","@graph":[{"@type":"WebPage","@id":"https:\/\/www.tresellabeauty.com\/es\/","url":"https:\/\/www.tresellabeauty.com\/es\/","name":"Tresellabeauty: Los mejores consejos para brillar desde dentro","isPartOf":{"@id":"https:\/\/www.tresellabeauty.com\/es\/#website"},"primaryImageOfPage":{"@id":"https:\/\/www.tresellabeauty.com\/es\/#primaryimage"},"image":{"@id":"https:\/\/www.tresellabeauty.com\/es\/#primaryimage"},"thumbnailUrl":"https:\/\/www.tresellabeauty.com\/wp-content\/uploads\/2025\/02\/main-banner-small-image.jpg","datePublished":"2025-02-20T07:20:22+00:00","dateModified":"2025-11-27T13:21:28+00:00","description":"Brillar de forma natural requiere un enfoque hol\u00edstico que empiece desde el interior. Una piel sana y radiante refleja nuestros h\u00e1bitos....","breadcrumb":{"@id":"https:\/\/www.tresellabeauty.com\/es\/#breadcrumb"},"inLanguage":"es","potentialAction":[{"@type":"ReadAction","target":["https:\/\/www.tresellabeauty.com\/es\/"]}]},{"@type":"ImageObject","inLanguage":"es","@id":"https:\/\/www.tresellabeauty.com\/es\/#primaryimage","url":"https:\/\/www.tresellabeauty.com\/wp-content\/uploads\/2025\/02\/main-banner-small-image.jpg","contentUrl":"https:\/\/www.tresellabeauty.com\/wp-content\/uploads\/2025\/02\/main-banner-small-image.jpg"},{"@type":"BreadcrumbList","@id":"https:\/\/www.tresellabeauty.com\/es\/#breadcrumb","itemListElement":[{"@type":"ListItem","position":1,"name":"Inicio","item":"https:\/\/www.tresellabeauty.com\/es\/tresellabeauty\/"},{"@type":"ListItem","position":2,"name":"Tresellabeauty"}]},{"@type":"WebSite","@id":"https:\/\/www.tresellabeauty.com\/es\/#website","url":"https:\/\/www.tresellabeauty.com\/es\/","name":"tresellabeauty","description":"tresellabeauty","potentialAction":[{"@type":"SearchAction","target":{"@type":"EntryPoint","urlTemplate":"https:\/\/www.tresellabeauty.com\/es\/?s={search_term_string}"},"query-input":{"@type":"PropertyValueSpecification","valueRequired":true,"valueName":"search_term_string"}}],"inLanguage":"es"}]}},"_links":{"self":[{"href":"https:\/\/www.tresellabeauty.com\/es\/wp-json\/wp\/v2\/pages\/616","targetHints":{"allow":["GET"]}}],"collection":[{"href":"https:\/\/www.tresellabeauty.com\/es\/wp-json\/wp\/v2\/pages"}],"about":[{"href":"https:\/\/www.tresellabeauty.com\/es\/wp-json\/wp\/v2\/types\/page"}],"author":[{"embeddable":true,"href":"https:\/\/www.tresellabeauty.com\/es\/wp-json\/wp\/v2\/users\/1"}],"replies":[{"embeddable":true,"href":"https:\/\/www.tresellabeauty.com\/es\/wp-json\/wp\/v2\/comments?post=616"}],"version-history":[{"count":3,"href":"https:\/\/www.tresellabeauty.com\/es\/wp-json\/wp\/v2\/pages\/616\/revisions"}],"predecessor-version":[{"id":641,"href":"https:\/\/www.tresellabeauty.com\/es\/wp-json\/wp\/v2\/pages\/616\/revisions\/641"}],"wp:attachment":[{"href":"https:\/\/www.tresellabeauty.com\/es\/wp-json\/wp\/v2\/media?parent=616"}],"curies":[{"name":"wp","href":"https:\/\/api.w.org\/{rel}","templated":true}]}}